{"id":63,"date":"2024-11-20T09:05:22","date_gmt":"2024-11-20T09:05:22","guid":{"rendered":"https:\/\/www.sukellusseuraahti.fi\/?page_id=63"},"modified":"2026-04-15T05:00:40","modified_gmt":"2026-04-15T05:00:40","slug":"ajankohtaista","status":"publish","type":"page","link":"https:\/\/www.sukellusseuraahti.fi\/index.php\/ajankohtaista\/","title":{"rendered":"Ajankohtaista"},"content":{"rendered":"\n<div class=\"wp-block-group alignfull has-base-2-background-color has-background\" style=\"margin-top:0;margin-bottom:0;padding-top:var(--wp--preset--spacing--50);padding-right:var(--wp--preset--spacing--50);padding-bottom:var(--wp--preset--spacing--50);padding-left:var(--wp--preset--spacing--50)\"><div class=\"wp-block-group__inner-container is-layout-constrained wp-container-core-group-is-layout-2 wp-block-group-is-layout-constrained\">\n<div class=\"wp-block-group is-vertical is-content-justification-center is-layout-flex wp-container-core-group-is-layout-1 wp-block-group-is-layout-flex\">\n<h2 class=\"wp-block-heading has-text-align-center is-style-asterisk\">Tuoreimmat uutiset ja ilmoitukset<\/h2>\n<\/div>\n\n\n\n<div style=\"margin-top:0;margin-bottom:0;height:var(--wp--preset--spacing--40)\" aria-hidden=\"true\" class=\"wp-block-spacer\"><\/div>\n\n\n\n<div class=\"wp-block-columns alignwide is-layout-flex wp-container-core-columns-is-layout-1 wp-block-columns-is-layout-flex\">\n<div class=\"wp-block-column is-layout-flow wp-block-column-is-layout-flow\">\n<h3 class=\"wp-block-heading has-text-align-left is-style-asterisk has-body-font-family has-medium-font-size\" style=\"font-style:normal;font-weight:600\">Laitesukelluskurssi CMAS One Star Diver<\/h3>\n\n\n\n<p>Laitesukelluksen peruskurssi CMAS One Star Diver kurssi 22.2. &#8211; 7.6.2026.<\/p>\n\n\n\n<p>Laitesukelluksen peruskurssin INFO-tilaisuus pidet\u00e4\u00e4n Nivalan Liikuntakeskuksen monitoimihallin kabinetissa, 22.2. klo 15.00-17.00. Lis\u00e4tietoja: Tuomas Lehtola p. 040-5891204. <\/p>\n\n\n\n<p>Kurssille ilmoittaudutaan t\u00e4st\u00e4 linkist\u00e4: <a href=\"https:\/\/www.sukeltaja.fi\/content\/fi\/11550\/7299\/413\/413.html\" data-type=\"link\" data-id=\"https:\/\/www.sukeltaja.fi\/content\/fi\/11550\/7299\/413\/413.html\">https:\/\/www.sukeltaja.fi\/content\/fi\/11550\/7299\/413\/413.html<\/a><\/p>\n\n\n\n<h3 class=\"wp-block-heading has-text-align-left is-style-asterisk has-body-font-family has-medium-font-size\" style=\"font-style:normal;font-weight:600\">Sukeltajaliitto palkitsi Ahtilaisen.<\/h3>\n\n\n\n<p>Sukeltajaliitto palkitsi Lahdessa Dive Booth -messuilla ansioituneita sukeltajia.<\/p>\n\n\n\n<p>Sukeltajaliiton <strong>Vuoden Kouluttaja 2024 -palkinto<\/strong> jaettiin <strong>Jukka Haapalalle<\/strong> tunnustuksena ansiokkaasta koulutustoiminnasta seurassaan ja yli seurarajojen.<\/p>\n<\/div>\n\n\n\n<div class=\"wp-block-column is-layout-flow wp-block-column-is-layout-flow\">\n<h3 class=\"wp-block-heading has-text-align-left is-style-asterisk has-body-font-family has-medium-font-size\" style=\"font-style:normal;font-weight:600\">Talkooty\u00f6t<\/h3>\n\n\n\n<p class=\"has-text-align-left\">Seuraavat talkoot:<\/p>\n\n\n\n<p class=\"has-text-align-left\">Liikuntakeskus Uikon tapahtumissa, 25.4. ja 16.5.<\/p>\n\n\n\n<p class=\"has-text-align-left\">Liity j\u00e4seniemme WhatsApp -ryhm\u00e4\u00e4n ja pysy ajan tasalla. Jokaisen ty\u00f6panosta tarvitaan!<\/p>\n\n\n\n<p class=\"has-text-align-left\">Lis\u00e4tiedot: Hanna-Leena Kangas p.040-7202409<\/p>\n\n\n\n<p><\/p>\n<\/div>\n\n\n\n<div class=\"wp-block-column is-layout-flow wp-block-column-is-layout-flow\">\n<h3 class=\"wp-block-heading has-text-align-left is-style-asterisk has-body-font-family has-medium-font-size\" style=\"font-style:normal;font-weight:600\">Allasvuorot 25-26<\/h3>\n\n\n\n<p class=\"has-text-align-left\"><strong>Syyslukukauden allasvuorot ovat ajalla 26.10.-21.12.<\/strong>, iso allas (radat 1 ja 2).<\/p>\n\n\n\n<p>Sunnuntaisin klo 17.00 &#8211; 18.30<\/p>\n\n\n\n<p><\/p>\n\n\n\n<p><strong>Kev\u00e4tlukukauden -26 allasvuorot ovat ajalla 11.1.-26.4.<\/strong>, iso allas (radat 1 ja 2).<\/p>\n\n\n\n<p>Sunnuntaisin klo 17.00-18.30<\/p>\n\n\n\n<p><\/p>\n\n\n\n<p><\/p>\n\n\n\n<p>Lue lis\u00e4\u00e4 <a href=\"https:\/\/www.sukellusseuraahti.fi\/index.php\/uimahallivuorot\/\">t\u00e4st\u00e4<\/a>.<\/p>\n<\/div>\n<\/div>\n\n\n\n<div style=\"height:var(--wp--preset--spacing--20)\" aria-hidden=\"true\" class=\"wp-block-spacer\"><\/div>\n\n\n\n<div class=\"wp-block-columns alignwide is-layout-flex wp-container-core-columns-is-layout-2 wp-block-columns-is-layout-flex\">\n<div class=\"wp-block-column is-layout-flow wp-block-column-is-layout-flow\">\n<h3 class=\"wp-block-heading has-text-align-left is-style-asterisk has-body-font-family has-medium-font-size\" style=\"font-style:normal;font-weight:600\">Leirej\u00e4<\/h3>\n\n\n\n<p class=\"has-text-align-left\">Kaatiala 13.-15.3.<\/p>\n\n\n\n<p>Neitt\u00e4v\u00e4 5.-7.6.<\/p>\n\n\n\n<p>Norjan Furoy 12.-18.7.<\/p>\n\n\n\n<p>Ilmoittautumislinkit saapuvat j\u00e4senille s\u00e4hk\u00f6posteihin.<\/p>\n<\/div>\n\n\n\n<div class=\"wp-block-column is-layout-flow wp-block-column-is-layout-flow\">\n<h3 class=\"wp-block-heading has-text-align-left is-style-asterisk has-body-font-family has-medium-font-size\" style=\"font-style:normal;font-weight:600\">Palkitsemisia kes\u00e4leirill\u00e4 Neitt\u00e4v\u00e4ss\u00e4<\/h3>\n\n\n\n<p class=\"has-text-align-left\">Seuramme kes\u00e4leirill\u00e4 -25 Neitt\u00e4v\u00e4ll\u00e4, palkittiin Sukeltajaliiton pronssisella ansiomerkill\u00e4 <strong>Antero Salo<\/strong>. Huomionosoitus on ansiokkaasta ja pitk\u00e4aikaisesta toiminnasta sukellusharrastuksen parissa niin paikallisesti kuin alueellisestikin.<\/p>\n\n\n\n<p><\/p>\n\n\n\n<p><\/p>\n<\/div>\n\n\n\n<div class=\"wp-block-column is-layout-flow wp-block-column-is-layout-flow\">\n<h3 class=\"wp-block-heading has-text-align-left is-style-asterisk has-body-font-family has-medium-font-size\" style=\"font-style:normal;font-weight:600\">Sukeltajaliitto juhlisti 70-vuotista taivaltaan ja samalla palkittiin ansioituneita toimijoita<\/h3>\n\n\n\n<p class=\"has-text-align-left\">Sukellusseuramme j\u00e4sen <strong>Markus Rasmus<\/strong> on valittu <strong>Vuoden Vapepa-sukeltajaksi 2025<\/strong>. Tunnustus on hieno osoitus ty\u00f6st\u00e4 vapaaehtoisen pelastuspalvelun sukeltajana sek\u00e4 sitoutumisesta auttamisty\u00f6h\u00f6n.<\/p>\n\n\n\n<p class=\"has-text-align-left\"><\/p>\n<\/div>\n<\/div>\n<\/div><\/div>\n\n\n\n<div class=\"wp-block-group alignfull\" style=\"margin-top:0;margin-bottom:0;padding-top:var(--wp--preset--spacing--50);padding-right:var(--wp--preset--spacing--50);padding-bottom:var(--wp--preset--spacing--50);padding-left:var(--wp--preset--spacing--50)\"><div class=\"wp-block-group__inner-container is-layout-constrained wp-container-core-group-is-layout-5 wp-block-group-is-layout-constrained\">\n<div class=\"wp-block-group alignwide\"><div class=\"wp-block-group__inner-container is-layout-constrained wp-block-group-is-layout-constrained\">\n<div class=\"wp-block-group is-vertical is-content-justification-center is-layout-flex wp-container-core-group-is-layout-3 wp-block-group-is-layout-flex\">\n<h2 class=\"wp-block-heading has-text-align-center is-style-asterisk\">Tuoreimpia kuulumisia my\u00f6s somessa, ota meid\u00e4t seurantaan Instagramissa ja Facebookissa.<\/h2>\n\n\n\n<p class=\"has-large-font-size\">@sukellusseuraahti<\/p>\n<\/div>\n<\/div><\/div>\n<\/div><\/div>\n\n\n\n<figure class=\"wp-block-image size-full\"><img loading=\"lazy\" decoding=\"async\" width=\"940\" height=\"788\" src=\"http:\/\/www.sukellusseuraahti.fi\/wp-content\/uploads\/2026\/01\/sukellusintron-mainos.png\" alt=\"\" class=\"wp-image-306\" srcset=\"https:\/\/www.sukellusseuraahti.fi\/wp-content\/uploads\/2026\/01\/sukellusintron-mainos.png 940w, https:\/\/www.sukellusseuraahti.fi\/wp-content\/uploads\/2026\/01\/sukellusintron-mainos-300x251.png 300w, https:\/\/www.sukellusseuraahti.fi\/wp-content\/uploads\/2026\/01\/sukellusintron-mainos-768x644.png 768w\" sizes=\"auto, (max-width: 940px) 100vw, 940px\" \/><\/figure>\n\n\n\n<figure class=\"wp-block-image size-full\"><img loading=\"lazy\" decoding=\"async\" width=\"940\" height=\"788\" src=\"http:\/\/www.sukellusseuraahti.fi\/wp-content\/uploads\/2026\/01\/P1-nettisivuille.jpg\" alt=\"\" class=\"wp-image-323\" srcset=\"https:\/\/www.sukellusseuraahti.fi\/wp-content\/uploads\/2026\/01\/P1-nettisivuille.jpg 940w, https:\/\/www.sukellusseuraahti.fi\/wp-content\/uploads\/2026\/01\/P1-nettisivuille-300x251.jpg 300w, https:\/\/www.sukellusseuraahti.fi\/wp-content\/uploads\/2026\/01\/P1-nettisivuille-768x644.jpg 768w\" sizes=\"auto, (max-width: 940px) 100vw, 940px\" \/><\/figure>\n\n\n\n<figure class=\"wp-block-image size-full\"><img loading=\"lazy\" decoding=\"async\" width=\"940\" height=\"788\" src=\"http:\/\/www.sukellusseuraahti.fi\/wp-content\/uploads\/2026\/02\/Ilmoittaudu-laitesukelluksen-peruskurssille-tasta-1.jpg\" alt=\"\" class=\"wp-image-335\" srcset=\"https:\/\/www.sukellusseuraahti.fi\/wp-content\/uploads\/2026\/02\/Ilmoittaudu-laitesukelluksen-peruskurssille-tasta-1.jpg 940w, https:\/\/www.sukellusseuraahti.fi\/wp-content\/uploads\/2026\/02\/Ilmoittaudu-laitesukelluksen-peruskurssille-tasta-1-300x251.jpg 300w, https:\/\/www.sukellusseuraahti.fi\/wp-content\/uploads\/2026\/02\/Ilmoittaudu-laitesukelluksen-peruskurssille-tasta-1-768x644.jpg 768w\" sizes=\"auto, (max-width: 940px) 100vw, 940px\" \/><\/figure>\n\n\n\n<p>Ilmoittautumislinkki laitesukelluksen peruskurssille: <a href=\"https:\/\/www.sukeltaja.fi\/content\/fi\/11550\/7299\/413\/413.html\" data-type=\"link\" data-id=\"https:\/\/www.sukeltaja.fi\/content\/fi\/11550\/7299\/413\/413.html\">https:\/\/www.sukeltaja.fi\/content\/fi\/11550\/7299\/413\/413.html<\/a><\/p>\n","protected":false},"excerpt":{"rendered":"<p>Tuoreimmat uutiset ja ilmoitukset Laitesukelluskurssi CMAS One Star Diver Laitesukelluksen peruskurssi CMAS One Star Diver kurssi 22.2. &#8211; 7.6.2026. Laitesukelluksen peruskurssin INFO-tilaisuus pidet\u00e4\u00e4n Nivalan Liikuntakeskuksen monitoimihallin kabinetissa, 22.2. klo 15.00-17.00. Lis\u00e4tietoja: Tuomas Lehtola p. 040-5891204. Kurssille ilmoittaudutaan t\u00e4st\u00e4 linkist\u00e4: https:\/\/www.sukeltaja.fi\/content\/fi\/11550\/7299\/413\/413.html Sukeltajaliitto palkitsi Ahtilaisen. Sukeltajaliitto palkitsi Lahdessa Dive Booth -messuilla ansioituneita sukeltajia. Sukeltajaliiton Vuoden Kouluttaja 2024 [&hellip;]<\/p>\n","protected":false},"author":1,"featured_media":0,"parent":0,"menu_order":0,"comment_status":"closed","ping_status":"closed","template":"","meta":{"footnotes":""},"class_list":["post-63","page","type-page","status-publish","hentry"],"_links":{"self":[{"href":"https:\/\/www.sukellusseuraahti.fi\/index.php\/wp-json\/wp\/v2\/pages\/63","targetHints":{"allow":["GET"]}}],"collection":[{"href":"https:\/\/www.sukellusseuraahti.fi\/index.php\/wp-json\/wp\/v2\/pages"}],"about":[{"href":"https:\/\/www.sukellusseuraahti.fi\/index.php\/wp-json\/wp\/v2\/types\/page"}],"author":[{"embeddable":true,"href":"https:\/\/www.sukellusseuraahti.fi\/index.php\/wp-json\/wp\/v2\/users\/1"}],"replies":[{"embeddable":true,"href":"https:\/\/www.sukellusseuraahti.fi\/index.php\/wp-json\/wp\/v2\/comments?post=63"}],"version-history":[{"count":50,"href":"https:\/\/www.sukellusseuraahti.fi\/index.php\/wp-json\/wp\/v2\/pages\/63\/revisions"}],"predecessor-version":[{"id":348,"href":"https:\/\/www.sukellusseuraahti.fi\/index.php\/wp-json\/wp\/v2\/pages\/63\/revisions\/348"}],"wp:attachment":[{"href":"https:\/\/www.sukellusseuraahti.fi\/index.php\/wp-json\/wp\/v2\/media?parent=63"}],"curies":[{"name":"wp","href":"https:\/\/api.w.org\/{rel}","templated":true}]}}